{"version":"1.0","provider_name":"L\u00e9lekTenger","provider_url":"https:\/\/lelektenger.cafeblog.hu","author_name":"Kozma Klaudia","author_url":"https:\/\/lelektenger.cafeblog.hu\/author\/kozma_klaudia\/","title":"Gy\u00f3gyul\u00e1s","html":"Egyszer minden seb begy\u00f3gyul. Elmenek\u00fclhetsz, de tudd, valamikor vissza kell t\u00e9rned \u00e9s szemben\u00e9zni azzal, amit magad m\u00f6g\u00f6tt hagyt\u00e1l.\r\n\r\n<!--more-->\r\n\r\nSenki sem tiltja meg, hogy id\u0151nk\u00e9nt <strong>elmenek\u00fclj<\/strong>. Hogy h\u00e1tat ford\u00edts mindennek \u00e9s felejteni pr\u00f3b\u00e1lj. N\u00e9ha igenis el kell vonulni \u00e9s f\u00e9lredobni mindent. Ha \u00fagy \u00e9rzed nem b\u00edrod m\u00e1r \u00e9s \u00e9ppen \u00f6sszeomlani k\u00e9sz\u00fclsz, akkor<strong> kezdj el futni, rohanni<\/strong>, ameddig csak b\u00edrsz. Mikor m\u00e1r \u00fagy \u00e9rzed, nem tudsz tov\u00e1bb menek\u00fclni, akkor \u00e1llj meg, de <strong>ne n\u00e9zz vissza<\/strong>. Ne n\u00e9zd meg, mekkora utat is tett\u00e9l meg, hogy mennyire messze hagyt\u00e1l mindent. <strong>Ez most nem err\u0151l sz\u00f3l.<\/strong>\r\n<p style=\"text-align: center\"><a href=\"https:\/\/lelektenger.cafeblog.hu\/files\/2014\/01\/menek\u00fcl\u00e9s61.jpg\"><img class=\"aligncenter size-full wp-image-5523990\" alt=\"menek\u00fcl\u00e9s6\" src=\"https:\/\/lelektenger.cafeblog.hu\/files\/2014\/01\/menek\u00fcl\u00e9s61.jpg\" width=\"500\" height=\"333\" \/><\/a><\/p>\r\n<p style=\"text-align: left\"><strong>Ez most a tiszta lapr\u00f3l sz\u00f3l<\/strong>. Hogy ne kelljen nap, mint nap szemben\u00e9zned mindazzal, aminek a s\u00faly\u00e1t \u00fagysem b\u00edrn\u00e1d elviselni. Hogy ne b\u00e9n\u00edtson meg a k\u00f6zels\u00e9g, vagy \u00e9ppen a t\u00e1vols\u00e1g. Hogy ne legyen a k\u00f6zeledben senki, aki eml\u00e9keztetne r\u00e1, hogy \u00e9ppen<strong> ezernyi darabban hever a sz\u00edved<\/strong>, tudod Te j\u00f3l ezt magadt\u00f3l is. Nem kell, hogy m\u00e1s is eml\u00e9keztessen a v\u00e9rz\u0151 sebre. <strong>Magadnak kell \u00f6sszevarrnod<\/strong>. N\u00e9ha kell egy kis id\u0151 ahhoz, hogy k\u00e9pes legy\u00e9l a j\u00f3zan gondolatokra \u00e9s ne \u00e9rezd a f\u00e1jdalom m\u00e9rg\u00e9t.<\/p>\r\n<p style=\"text-align: center\"><a href=\"https:\/\/lelektenger.cafeblog.hu\/files\/2014\/01\/menek\u00fcl\u00e9s3.jpg\"><img class=\"aligncenter size-full wp-image-5523991\" alt=\"menek\u00fcl\u00e9s3\" src=\"https:\/\/lelektenger.cafeblog.hu\/files\/2014\/01\/menek\u00fcl\u00e9s3.jpg\" width=\"500\" height=\"654\" \/><\/a><\/p>\r\nSenki sem tiltja meg, hogy id\u0151nk\u00e9nt elmenek\u00fclj. Ez a Te d\u00f6nt\u00e9sed. <strong>Ez a Te gy\u00f3gyul\u00e1sod<\/strong>. Neked kell tudnod, mire van sz\u00fcks\u00e9ged. De azt is tudnod kell, <strong>ha elmenek\u00fclsz, egyszer vissza kell t\u00e9rned<\/strong>. Nem maradhatsz mindig ott. Ha m\u00e1r \u00fagy \u00e9rzed, kitisztult bel\u0151led az \u00f6sszes m\u00e9reg, indulj vissza \u00e9s <strong>n\u00e9zz szembe<\/strong> azzal, amit magad m\u00f6g\u00f6tt hagyt\u00e1l. <strong>Vajon el\u00e9g er\u0151sen varrtad \u00f6ssze azt a sebet?<\/strong> V\u00e1laszt kell kapnod a k\u00e9rd\u00e9sre, k\u00fcl\u00f6nben soha nem gy\u00f3gyulsz meg a m\u00falt f\u00e1jdalm\u00e1b\u00f3l.\r\n<blockquote>\r\n<p style=\"text-align: center\"><em>\"In my recovery<\/em>\r\n<em>I'm a soldier at war<\/em>\r\n<em>I have broken down walls<\/em>\r\n<em>I defined, I designed<\/em>\r\n<em>My recovery<\/em>\r\n<em>In the salt of the sea<\/em>\r\n<em>In the oceans of me<\/em>\r\n<em>I defined, I designed<\/em>\r\n<em>My recovery\"<\/em><\/p>\r\n<\/blockquote>\r\n<p style=\"text-align: center\">[embed]https:\/\/www.youtube.com\/watch?v=m9DO3zpdWqw[\/embed]<\/p>","type":"rich","thumbnail_url":"https:\/\/lelektenger.cafeblog.hu\/files\/2014\/01\/menek\u00fcl\u00e9s61-150x150.jpg","thumbnail_width":150,"thumbnail_height":150}