{"version":"1.0","provider_name":"L\u00e9lekTenger","provider_url":"https:\/\/lelektenger.cafeblog.hu","author_name":"Kozma Klaudia","author_url":"https:\/\/lelektenger.cafeblog.hu\/author\/kozma_klaudia\/","title":"27 \u00e9ves lettem \u00e9n","html":"Egyik pillanatr\u00f3l a m\u00e1sikra megv\u00e1ltozhat minden. \u00c9s 27 \u00e9v mire el\u00e9g egy ember \u00e9let\u00e9ben?\r\n\r\n<!--more-->\r\n\r\nEgy \u00e9vvel ezel\u0151tt egy akkora k\u00e1osz volt az \u00e9letem, amibe \u00edgy ut\u00f3lag belegondolni sz\u00f6rnyen f\u00e9lelmetes. Persze nem tudtam, hogy \u00e9ppen egy rohadt nagy \u00e1mokfut\u00e1s veszi kezdet\u00e9t a kora tavaszi napsugarakkal... Pedig \u00edgy t\u00f6rt\u00e9nt. <strong>Lassan, biztosan, de hal\u00e1losan puszt\u00edtottam a sz\u00edvemet, testemet \u00e9s ezzel egy\u00fctt az eg\u00e9sz lelkemet. De ez hat\u00e1rozottan kellett ahhoz, hogy most itt lehessek<\/strong>.\r\n<p style=\"text-align: center\"><a href=\"https:\/\/lelektenger.cafeblog.hu\/files\/2014\/03\/27.jpg\"><img class=\"aligncenter size-full wp-image-5524175\" src=\"https:\/\/lelektenger.cafeblog.hu\/files\/2014\/03\/27.jpg\" alt=\"27\" width=\"500\" height=\"425\" \/><\/a><\/p>\r\n<strong>V\u00e1ltoz\u00e1s. Ha k\u00e9rj\u00fck, ha nem, j\u00f6n<\/strong>. Akkor, amikor j\u00f6nnie kell. \u00c9n legink\u00e1bb egy-egy v\u00e1ltoz\u00e1s kell\u0151s k\u00f6zep\u00e9n tal\u00e1lom magam. Igaz\u00e1b\u00f3l nem tudom hogyan is ker\u00fcltem oda. Csak azt, hogy m\u00e1r ott vagyok. Ha egy \u00e9vvel ezel\u0151tt valaki azt mondja, hogy barna sz\u00edn\u0171 lesz a hajam, a f\u00e9lmaratonra k\u00e9sz\u00fcl\u00f6k, 2014 km-t tervezek futni az \u00e9vben, lesz egy l\u00e9lek blogom, m\u00e1r nem k\u00edv\u00e1nok minden h\u00e9ten r\u00e9szt venni a szombat \u00e9jjeli harcokban, nem a t\u0171sarok kopog\u00e1s\u00e1ra b\u00edzom a lelkemet, <a href=\"http:\/\/tagrazartszemmel.blog.hu\/2014\/02\/20\/_szeretnek_en_new_york-ban_elni_inkabb_a_mindennapok_budapesten_parkapcsolat_nelkul_avagy_interju_ko\">interj\u00fat adok<\/a>, 12 \u00e9v ut\u00e1n leszokom a cigir\u0151l,\u00a0akkor val\u00f3sz\u00edn\u0171leg \u00f3ri\u00e1sira meresztettem volna az egy\u00e9bk\u00e9nt sem kicsi pupill\u00e1mat. De mi\u00e9rt is mondott volna b\u00e1rki \u00a0ilyet? <strong>Ha tudn\u00e1nk a j\u00f6v\u0151t, elm\u00falna a pillanat var\u00e1zsa<\/strong>.\r\n<p style=\"text-align: center\"><a href=\"https:\/\/lelektenger.cafeblog.hu\/files\/2014\/03\/lights.jpg\"><img class=\"aligncenter size-full wp-image-5524176\" src=\"https:\/\/lelektenger.cafeblog.hu\/files\/2014\/03\/lights.jpg\" alt=\"lights\" width=\"500\" height=\"334\" \/><\/a><\/p>\r\nAhogy telnek a percek \u00e9s az \u00e9vek, \u00fagy tanuljuk meg a val\u00f3di \u00e9rt\u00e9krendet. Mi\u00e9rt nem \u00edgy sz\u00fclet\u00fcnk? Mert ezek nem bel\u00e9nk \u00e9gethet\u0151 k\u00f3dok. A tapasztal\u00e1s az egyetlen \u00fat, ami elvezethet hozz\u00e1, vagy b\u00e1rmihez. <strong>Az \u00e9let az \u00e9letben, ami megadja az \u00e9letet az \u00e9letben<\/strong>.\r\n\r\nSzerencs\u00e9s vagyok. Igen, az. \u00c9s nem az\u00e9rt, mert szuper genetik\u00e1t \u00f6r\u00f6k\u00f6ltem. Hanem az\u00e9rt, ami\u00e9rt olyan vagyok, amilyen. Elvehetnek b\u00e1rmit, de ezt az egyet nem. \u00c9s hi\u00e1ba pr\u00f3b\u00e1lna b\u00e1rki is darabokra t\u00f6rni, azok az \u00e9n darabjaim lenn\u00e9nek. <strong>\u00c9n \u00e9n vagyok<\/strong>.\r\n\r\n27 \u00e9ves lettem \u00e9n, \u00e9s igen, meglepet\u00e9s e k\u00f6ltem\u00e9ny. A p\u00e1ratlan sz\u00e1mokhoz val\u00f3 f\u00fcgg\u0151s\u00e9gem \u00e9s a meg\u00e9rz\u00e9sem azt s\u00fagja, hogy ez, az az \u00e9v lesz. A <strong>kiteljesed\u00e9s<\/strong>\u00e9.\r\n<p style=\"text-align: center\"><a href=\"https:\/\/lelektenger.cafeblog.hu\/files\/2014\/03\/Face.jpg\"><img class=\"aligncenter size-full wp-image-5524173\" src=\"https:\/\/lelektenger.cafeblog.hu\/files\/2014\/03\/Face.jpg\" alt=\"Face\" width=\"344\" height=\"503\" \/><\/a><\/p>","type":"rich","thumbnail_url":"https:\/\/lelektenger.cafeblog.hu\/files\/2014\/03\/27-150x150.jpg","thumbnail_width":150,"thumbnail_height":150}